

{"id":4478,"date":"2023-12-05T13:43:44","date_gmt":"2023-12-05T12:43:44","guid":{"rendered":"\/ifen\/?page_id=4478"},"modified":"2025-11-20T09:00:51","modified_gmt":"2025-11-20T08:00:51","slug":"leadership-pedagogique","status":"publish","type":"page","link":"\/ifen\/leadership-pedagogique\/","title":{"rendered":"Leadership p\u00e9dagogique"},"content":{"rendered":"\n<div class=\"wp-block-cover alignfull is-light banner-page banner-page-small hide-editor\" style=\"min-height:250px;aspect-ratio:unset;\"><img loading=\"lazy\" decoding=\"async\" width=\"1920\" height=\"250\" class=\"wp-block-cover__image-background wp-image-4674\" alt=\"\" src=\"\/ifen\/wp-content\/uploads\/2024\/01\/banner_small_beige.svg\" data-object-fit=\"cover\"\/><span aria-hidden=\"true\" class=\"wp-block-cover__background has-black-background-color has-background-dim-0 has-background-dim\"><\/span><div class=\"wp-block-cover__inner-container is-layout-flow wp-block-cover-is-layout-flow\">\n<div class=\"wp-block-group is-layout-flow wp-block-group-is-layout-flow\" data-aos=\"fade-down\">\n<h1 class=\"wp-block-heading has-text-align-center has-primary-color has-text-color\">Leadership p\u00e9dagogique<\/h1>\n\n\n\n<p class=\"has-text-align-center\">R\u00e9v\u00e9lez votre potentiel et celui de votre \u00e9quipe gr\u00e2ce \u00e0 notre offre de Leadership p\u00e9dagogique&nbsp;!<\/p>\n<\/div>\n\n\n\n<svg class=\"curve curve-bottom curve-desktop\" xmlns=\"http:\/\/www.w3.org\/2000\/svg\" width=\"100%\" height=\"77.168\" viewBox=\"0 0 1600 77.168\" preserveAspectRatio=\"none\">\n              <path id=\"Trac\u00e9_454\" data-name=\"Trac\u00e9 454\" d=\"M0,0H1600V29.331S1204.669,77.168,804.669,77.168,0,29.331,0,29.331Z\" transform=\"translate(1600 77.168) rotate(180)\" fill=\"#fff\"\/>\n          <\/svg>\n          <svg class=\"curve curve-bottom curve-mobile\" xmlns=\"http:\/\/www.w3.org\/2000\/svg\" width=\"100%\" height=\"77.168\" viewBox=\"0 0 1600 77.168\">\n              <path id=\"Trac\u00e9_454\" data-name=\"Trac\u00e9 454\" d=\"M0,0H1600V29.331S1204.669,77.168,804.669,77.168,0,29.331,0,29.331Z\" transform=\"translate(1600 77.168) rotate(180)\" fill=\"#fff\"\/>\n          <\/svg>\n<\/div><\/div>\n\n\n\n<div class=\"wp-block-group hide-editor has-global-padding is-layout-constrained wp-block-group-is-layout-constrained\">\n<a href=\"#infos-pratiques\" class=\"groupe-fixe hide-editor beige\">\n  <svg xmlns=\"http:\/\/www.w3.org\/2000\/svg\" xmlns:xlink=\"http:\/\/www.w3.org\/1999\/xlink\" width=\"42\" height=\"42\" viewBox=\"0 0 42 42\">\n    <g id=\"Groupe_1638\" data-name=\"Groupe 1638\" transform=\"translate(-1805.341 -527.784)\">\n      <g id=\"Groupe_1637\" data-name=\"Groupe 1637\" transform=\"translate(1806.341 528.784)\">\n        <path id=\"Trac\u00e9_889\" data-name=\"Trac\u00e9 889\" d=\"M58.709,20.507a20,20,0,1,1-20-20A20,20,0,0,1,58.709,20.507Z\" transform=\"translate(-18.709 -0.507)\" fill=\"none\" stroke=\"#fff\" stroke-miterlimit=\"10\" stroke-width=\"2\"><\/path>\n        <g id=\"Groupe_1601\" data-name=\"Groupe 1601\" transform=\"translate(17.302 8.603)\">\n          <g id=\"Groupe_1600\" data-name=\"Groupe 1600\" transform=\"translate(0 0)\">\n            <path id=\"Trac\u00e9_890\" data-name=\"Trac\u00e9 890\" d=\"M.667,4.108A2.347,2.347,0,0,1,0,2.4,2.364,2.364,0,0,1,.651.667,2.289,2.289,0,0,1,2.364,0,2.341,2.341,0,0,1,4.093.667,2.339,2.339,0,0,1,4.76,2.4a2.335,2.335,0,0,1-2.4,2.4,2.27,2.27,0,0,1-1.7-.683M.348,22.028a.35.35,0,0,1-.106-.258V6.913a.352.352,0,0,1,.106-.258.353.353,0,0,1,.258-.107H4.153a.363.363,0,0,1,.364.365V21.77a.35.35,0,0,1-.106.258.353.353,0,0,1-.258.106H.606a.352.352,0,0,1-.258-.106\" transform=\"translate(0 0)\" fill=\"#fff\"><\/path>\n          <\/g>\n        <\/g>\n      <\/g>\n    <\/g>\n  <\/svg>\n  <span>Contact<\/span>\n  <\/a>\n<\/div>\n\n\n \r\n\r\n<section  class=\"wp-block-section     alignfull    \"\r\n    >\r\n\r\n    \r\n        <div class=\"acf-innerblocks-container\">\n \r\n\r\n<section  class=\"wp-block-section     alignwide    \"\r\n    >\r\n\r\n    \r\n        <div class=\"acf-innerblocks-container\">\n\n<div class=\"wp-block-columns are-vertically-aligned-center wrap-mobile-col is-layout-flex wp-container-core-columns-is-layout-28f84493 wp-block-columns-is-layout-flex\" data-aos=\"fade-up\" data-aos-once=\"true\">\n<div class=\"wp-block-column is-vertically-aligned-center is-layout-flow wp-block-column-is-layout-flow\" style=\"flex-basis:41.66666667%\">\n<div aria-hidden=\"true\" class=\"wp-block-fsb-flexible-spacer fsb-flexible-spacer\"><div class=\"fsb-flexible-spacer__device fsb-flexible-spacer__device--lg\" style=\"height:0px\"><\/div><div class=\"fsb-flexible-spacer__device fsb-flexible-spacer__device--md\" style=\"height:0px\"><\/div><div class=\"fsb-flexible-spacer__device fsb-flexible-spacer__device--sm\" style=\"height:0px\"><\/div><\/div>\n\n\n\n<p>L\u2019IFEN vous offre la possibilit\u00e9 de vous d\u00e9velopper professionnellement et personnellement dans votre fonction dirigeante ou coordonnante gr\u00e2ce \u00e0 une offre de formation de tr\u00e8s haut niveau. Nos programmes innovants et \u00e0 caract\u00e8re continus sont sp\u00e9cialement con\u00e7us pour affiner vos comp\u00e9tences en mati\u00e8re de gestion, coordination et leadership. En rejoignant l&rsquo;IFEN, vous contribuez activement \u00e0 faire \u00e9voluer l&rsquo;\u00e9ducation nationale tout en b\u00e9n\u00e9ficiant d&rsquo;un apprentissage durable tout au long de la vie. D\u00e9couvrez comment nos initiatives peuvent d\u00e9velopper votre potentiel et vous pr\u00e9parer \u00e0 devenir les leaders de demain.<\/p>\n<\/div>\n\n\n\n<div class=\"wp-block-column is-vertically-aligned-center editorskit-no-tablet editorskit-no-mobile is-layout-flow wp-block-column-is-layout-flow\" style=\"flex-basis:8.33333%\"><\/div>\n\n\n\n<div class=\"wp-block-column is-vertically-aligned-center is-layout-flow wp-block-column-is-layout-flow\" style=\"flex-basis:50%\">\n<figure class=\"wp-block-image size-full has-custom-border\"><img loading=\"lazy\" decoding=\"async\" width=\"1600\" height=\"1067\" src=\"https:\/\/ssl.education.lu\/ifen\/wp-content\/uploads\/2023\/07\/banner_train_thetrainer.jpg\" alt=\"\" class=\"wp-image-1601\" style=\"border-radius:15px\" srcset=\"https:\/\/ssl.education.lu\/ifen\/wp-content\/uploads\/2023\/07\/banner_train_thetrainer.jpg 1600w, https:\/\/ssl.education.lu\/ifen\/wp-content\/uploads\/2023\/07\/banner_train_thetrainer-600x400.jpg 600w, https:\/\/ssl.education.lu\/ifen\/wp-content\/uploads\/2023\/07\/banner_train_thetrainer-1024x683.jpg 1024w, https:\/\/ssl.education.lu\/ifen\/wp-content\/uploads\/2023\/07\/banner_train_thetrainer-768x512.jpg 768w, https:\/\/ssl.education.lu\/ifen\/wp-content\/uploads\/2023\/07\/banner_train_thetrainer-1536x1024.jpg 1536w\" sizes=\"auto, (max-width: 1600px) 100vw, 1600px\" \/><\/figure>\n<\/div>\n<\/div>\n\n\n\n<div aria-hidden=\"true\" class=\"wp-block-fsb-flexible-spacer fsb-flexible-spacer\"><div class=\"fsb-flexible-spacer__device fsb-flexible-spacer__device--lg\" style=\"height:75px\"><\/div><div class=\"fsb-flexible-spacer__device fsb-flexible-spacer__device--md\" style=\"height:50px\"><\/div><div class=\"fsb-flexible-spacer__device fsb-flexible-spacer__device--sm\" style=\"height:0px\"><\/div><\/div>\n\n\n\n<div class=\"wp-block-columns are-vertically-aligned-center wrap-mobile-col col-reverse is-layout-flex wp-container-core-columns-is-layout-28f84493 wp-block-columns-is-layout-flex\" data-aos=\"fade-up\" data-aos-once=\"true\">\n<div class=\"wp-block-column is-vertically-aligned-center is-layout-flow wp-block-column-is-layout-flow\" style=\"flex-basis:50%\">\n<figure class=\"wp-block-image size-full has-custom-border\"><img loading=\"lazy\" decoding=\"async\" width=\"1271\" height=\"833\" src=\"https:\/\/ssl.education.lu\/ifen\/wp-content\/uploads\/2024\/01\/offres_leadership.jpg\" alt=\"\" class=\"wp-image-4676\" style=\"border-radius:15px\" srcset=\"https:\/\/ssl.education.lu\/ifen\/wp-content\/uploads\/2024\/01\/offres_leadership.jpg 1271w, https:\/\/ssl.education.lu\/ifen\/wp-content\/uploads\/2024\/01\/offres_leadership-600x393.jpg 600w, https:\/\/ssl.education.lu\/ifen\/wp-content\/uploads\/2024\/01\/offres_leadership-1024x671.jpg 1024w, https:\/\/ssl.education.lu\/ifen\/wp-content\/uploads\/2024\/01\/offres_leadership-768x503.jpg 768w\" sizes=\"auto, (max-width: 1271px) 100vw, 1271px\" \/><\/figure>\n<\/div>\n\n\n\n<div class=\"wp-block-column is-vertically-aligned-center editorskit-no-tablet editorskit-no-mobile is-layout-flow wp-block-column-is-layout-flow\" style=\"flex-basis:8.33333%\"><\/div>\n\n\n\n<div class=\"wp-block-column is-vertically-aligned-center is-layout-flow wp-block-column-is-layout-flow\" style=\"flex-basis:41.66666667%\">\n<h3 class=\"wp-block-heading has-l-font-size\">Nos formateurs sp\u00e9cialis\u00e9s en leadership<\/h3>\n\n\n\n<p>\u00c0 l&rsquo;IFEN, nous comprenons les exigences sp\u00e9cifiques de notre public cible. C&rsquo;est pourquoi nous faisons appel \u00e0 des formateurs hautement qualifi\u00e9s, experts en leadership venant des quatre coins du monde. Leur diversit\u00e9 d&rsquo;exp\u00e9riences et de perspectives enrichit nos programmes et garantit des formations et accompagnements de premier ordre, en proposant des opportunit\u00e9s de d\u00e9veloppement, ainsi que des offres sur mesure.<\/p>\n\n\n\n<p>Nos formateurs sont s\u00e9lectionn\u00e9s pour leur expertise reconnue et leur capacit\u00e9 \u00e0 transmettre des comp\u00e9tences essentielles en gestion, coordination et leadership. Ils vous accompagnent tout au long de votre parcours, en vous offrant des outils et des strat\u00e9gies innovantes pour exceller dans vos fonctions. Avec l&rsquo;IFEN, vous b\u00e9n\u00e9ficiez d&rsquo;un apprentissage personnalis\u00e9, adapt\u00e9 \u00e0 vos besoins individuels afin de d\u00e9velopper pleinement votre potentiel, ainsi que celui du personnel, de l\u2019\u00e9tablissement et des jeunes.<\/p>\n\n\n\n<p>Sur demande, l\u2019IFEN propose un accompagnement professionnel (individuel ou en groupe) en toute confidentialit\u00e9 par un sp\u00e9cialiste qualifi\u00e9.<\/p>\n<\/div>\n<\/div>\n\n\n\n<div aria-hidden=\"true\" class=\"wp-block-fsb-flexible-spacer fsb-flexible-spacer\"><div class=\"fsb-flexible-spacer__device fsb-flexible-spacer__device--lg\" style=\"height:75px\"><\/div><div class=\"fsb-flexible-spacer__device fsb-flexible-spacer__device--md\" style=\"height:50px\"><\/div><div class=\"fsb-flexible-spacer__device fsb-flexible-spacer__device--sm\" style=\"height:0px\"><\/div><\/div>\n\n\n\n<div class=\"wp-block-columns are-vertically-aligned-center wrap-mobile-col is-layout-flex wp-container-core-columns-is-layout-28f84493 wp-block-columns-is-layout-flex\" data-aos=\"fade-up\" data-aos-once=\"true\">\n<div class=\"wp-block-column is-vertically-aligned-center is-layout-flow wp-block-column-is-layout-flow\" style=\"flex-basis:41.66666667%\">\n<div aria-hidden=\"true\" class=\"wp-block-fsb-flexible-spacer fsb-flexible-spacer\"><div class=\"fsb-flexible-spacer__device fsb-flexible-spacer__device--lg\" style=\"height:25px\"><\/div><div class=\"fsb-flexible-spacer__device fsb-flexible-spacer__device--md\" style=\"height:15px\"><\/div><div class=\"fsb-flexible-spacer__device fsb-flexible-spacer__device--sm\" style=\"height:15px\"><\/div><\/div>\n\n\n\n<p>En tant que personnel dirigeant et coordonnant, vous avez des besoins de formation \u00e9troitement li\u00e9s \u00e0 vos r\u00f4les et t\u00e2ches respectifs. C\u2019est pourquoi, lors de la s\u00e9lection des contenus, nous tenons compte de l\u2019h\u00e9t\u00e9rog\u00e9n\u00e9it\u00e9 de vos t\u00e2ches, de vos profils personnels et des contextes dans lesquels vous travaillez. Le catalogue des offres qui vous est destin\u00e9, en tant que personnel ayant des responsabilit\u00e9s de direction et de coordination dans le domaine du leadership p\u00e9dagogique, comprend divers domaines th\u00e9matiques&nbsp;: gestion et d\u00e9veloppement de l\u2019organisation, gestion et d\u00e9veloppement du personnel, administration, gestion de soi.<\/p>\n\n\n\n<p>Vous trouverez nos offres autour de cette th\u00e9matique dans le catalogue ci-dessous. Bien entendu, tous les membres de direction, pr\u00e9sidents de comit\u00e9 d\u2019\u00e9cole, coordinateurs de cycle et chefs de d\u00e9partement peuvent \u00e9galement b\u00e9n\u00e9ficier des offres de la division de la formation continue de l\u2019IFEN.<\/p>\n<\/div>\n\n\n\n<div class=\"wp-block-column is-vertically-aligned-center editorskit-no-tablet editorskit-no-mobile is-layout-flow wp-block-column-is-layout-flow\" style=\"flex-basis:8.33333%\"><\/div>\n\n\n\n<div class=\"wp-block-column is-vertically-aligned-center is-layout-flow wp-block-column-is-layout-flow\" style=\"flex-basis:50%\">\n<figure class=\"wp-block-image size-full has-custom-border\"><img loading=\"lazy\" decoding=\"async\" width=\"1000\" height=\"667\" src=\"https:\/\/ssl.education.lu\/ifen\/wp-content\/uploads\/2024\/06\/illu_leadership_3.jpg\" alt=\"\" class=\"wp-image-9535\" style=\"border-radius:15px\" srcset=\"https:\/\/ssl.education.lu\/ifen\/wp-content\/uploads\/2024\/06\/illu_leadership_3.jpg 1000w, https:\/\/ssl.education.lu\/ifen\/wp-content\/uploads\/2024\/06\/illu_leadership_3-600x400.jpg 600w, https:\/\/ssl.education.lu\/ifen\/wp-content\/uploads\/2024\/06\/illu_leadership_3-768x512.jpg 768w, https:\/\/ssl.education.lu\/ifen\/wp-content\/uploads\/2024\/06\/illu_leadership_3-18x12.jpg 18w\" sizes=\"auto, (max-width: 1000px) 100vw, 1000px\" \/><\/figure>\n<\/div>\n<\/div>\n\n<\/div>    \r\n<\/section>\n<\/div>    \r\n<\/section>\n\n\n<div aria-hidden=\"true\" class=\"wp-block-fsb-flexible-spacer fsb-flexible-spacer\"><div class=\"fsb-flexible-spacer__device fsb-flexible-spacer__device--lg\" style=\"height:100px\"><\/div><div class=\"fsb-flexible-spacer__device fsb-flexible-spacer__device--md\" style=\"height:50px\"><\/div><div class=\"fsb-flexible-spacer__device fsb-flexible-spacer__device--sm\" style=\"height:75px\"><\/div><\/div>\n\n\n\n<div aria-hidden=\"true\" class=\"wp-block-fsb-flexible-spacer fsb-flexible-spacer\" id=\"infos-pratiques\"><div class=\"fsb-flexible-spacer__device fsb-flexible-spacer__device--lg\" style=\"height:150px\"><\/div><div class=\"fsb-flexible-spacer__device fsb-flexible-spacer__device--md\" style=\"height:150px\"><\/div><div class=\"fsb-flexible-spacer__device fsb-flexible-spacer__device--sm\" style=\"height:150px\"><\/div><\/div>\n\n\n \r\n\r\n<section  class=\"wp-block-section     alignfull    \"\r\n                    \r\n                        style=\"background: rgba(174,151,131,0.1)\"\r\n        \r\n        \r\n    >\r\n\r\n                        <div class=\"shape-section shape-section-top\">\r\n                <svg xmlns=\"http:\/\/www.w3.org\/2000\/svg\" xmlns:xlink=\"http:\/\/www.w3.org\/1999\/xlink\" width=\"100%\" height=\"87\" viewBox=\"0 0 1921 87\" preserveAspectRatio=\"none\">\r\n                    <g id=\"Groupe_d\u00e9filant_42\" data-name=\"Groupe d\u00e9filant 42\" transform=\"translate(0 -99)\" style=\"isolation: isolate\">\r\n                        <g id=\"Groupe_d\u00e9filant_43\" data-name=\"Groupe d\u00e9filant 43\" transform=\"translate(0 0)\" style=\"isolation: isolate\">\r\n                        <g id=\"Groupe_933\" data-name=\"Groupe 933\" transform=\"translate(0 0)\">\r\n                            <g id=\"Groupe_737\" data-name=\"Groupe 737\" transform=\"translate(0 0)\">\r\n                            <g id=\"Groupe_736\" data-name=\"Groupe 736\" transform=\"translate(-3953.287 105.034)\">\r\n                                <path style=\"fill:rgba(174,151,131,0.1)\"  id=\"Trac\u00e9_472\" data-name=\"Trac\u00e9 472\" d=\"M7.906-402.606c1825.143-1234.975,4696.423-1612.721,7144.4-940.023,1138.806,313,2098.365,826.758,2774.82,1485.924l37.407,36.5L9419.413,461.351l-46.566-46.339C8770.1-185.4,7905.633-652.907,6873.094-936.523,4672.52-1541.17,2104.279-1194.435,481.472-73.732L422.953-33.376l-462.211-337.5Z\" transform=\"translate(39.258 1672.364)\"\/>\r\n                            <\/g>\r\n                            <\/g>\r\n                        <\/g>\r\n                        <\/g>\r\n                    <\/g>\r\n                <\/svg>\r\n            <\/div> \r\n         \r\n                    <div class=\"shape-section shape-section-bottom\">\r\n                <svg xmlns=\"http:\/\/www.w3.org\/2000\/svg\" xmlns:xlink=\"http:\/\/www.w3.org\/1999\/xlink\" width=\"100%\" height=\"93\" viewBox=\"0 0 1921 93\" preserveAspectRatio=\"none\">\r\n                    <g id=\"Groupe_d\u00e9filant_42\" data-name=\"Groupe d\u00e9filant 42\" transform=\"translate(0 -543)\" style=\"isolation: isolate\">\r\n                        <g id=\"Groupe_d\u00e9filant_43\" data-name=\"Groupe d\u00e9filant 43\" transform=\"translate(0 0)\" style=\"isolation: isolate\">\r\n                        <g id=\"Groupe_933\" data-name=\"Groupe 933\" transform=\"translate(0 0)\">\r\n                            <g id=\"Groupe_737\" data-name=\"Groupe 737\" transform=\"translate(0 0)\">\r\n                            <g id=\"Groupe_736\" data-name=\"Groupe 736\" transform=\"translate(-3953.287 105.034)\">\r\n                                <path style=\"fill:rgba(174,151,131,0.1)\" id=\"Trac\u00e9_472\" data-name=\"Trac\u00e9 472\" d=\"M7.906-402.606c1825.143-1234.975,4696.423-1612.721,7144.4-940.023,1138.806,313,2098.365,826.758,2774.82,1485.924l37.407,36.5L9419.413,461.351l-46.566-46.339C8770.1-185.4,7905.633-652.907,6873.094-936.523,4672.52-1541.17,2104.279-1194.435,481.472-73.732L422.953-33.376l-462.211-337.5Z\" transform=\"translate(39.258 1672.364)\"\/>\r\n                            <\/g>\r\n                            <\/g>\r\n                        <\/g>\r\n                        <\/g>\r\n                    <\/g>\r\n                <\/svg>\r\n            <\/div>\r\n         \r\n    \r\n        <div class=\"acf-innerblocks-container\">\n \r\n\r\n<section  class=\"wp-block-section     alignwide    \"\r\n    >\r\n\r\n    \r\n        <div class=\"acf-innerblocks-container\">\n\n<div aria-hidden=\"true\" class=\"wp-block-fsb-flexible-spacer fsb-flexible-spacer\"><div class=\"fsb-flexible-spacer__device fsb-flexible-spacer__device--lg\" style=\"margin-bottom:-100px\"><\/div><div class=\"fsb-flexible-spacer__device fsb-flexible-spacer__device--md\" style=\"margin-bottom:-100px\"><\/div><div class=\"fsb-flexible-spacer__device fsb-flexible-spacer__device--sm\" style=\"margin-bottom:-100px\"><\/div><\/div>\n\n\n\n<h2 class=\"wp-block-heading has-text-align-center h2small\">L&rsquo;offre de prestation du Leadership p\u00e9dagogique<\/h2>\n\n\n\n<p class=\"has-text-align-center\">Trouvez la formation dont vous avez besoin dans notre catalogue de prestations<\/p>\n\n\n\n<div class=\"wp-block-buttons is-content-justification-center is-layout-flex wp-container-core-buttons-is-layout-a89b3969 wp-block-buttons-is-layout-flex\">\n<div class=\"wp-block-button btn-picto beige\"><a class=\"wp-block-button__link wp-element-button\" href=\"\/ifen\/catalog\/search?categories=12040\" target=\"_blank\" rel=\"noreferrer noopener\">Offre personnel dirigeant <\/a><\/div>\n\n\n\n<div class=\"wp-block-button btn-picto beige\"><a class=\"wp-block-button__link wp-element-button\" href=\"\/ifen\/catalog\/search?categories=12052\" target=\"_blank\" rel=\"noreferrer noopener\">Offre personnel coordonnant<\/a><\/div>\n<\/div>\n\n<\/div>    \r\n<\/section>\n\n\n<div aria-hidden=\"true\" class=\"wp-block-fsb-flexible-spacer fsb-flexible-spacer\"><div class=\"fsb-flexible-spacer__device fsb-flexible-spacer__device--lg\" style=\"height:80px\"><\/div><div class=\"fsb-flexible-spacer__device fsb-flexible-spacer__device--md\" style=\"height:80px\"><\/div><div class=\"fsb-flexible-spacer__device fsb-flexible-spacer__device--sm\" style=\"height:80px\"><\/div><\/div>\n\n<\/div>    \r\n<\/section>\n\n\n<div aria-hidden=\"true\" class=\"wp-block-fsb-flexible-spacer fsb-flexible-spacer\"><div class=\"fsb-flexible-spacer__device fsb-flexible-spacer__device--lg\" style=\"height:85px\"><\/div><div class=\"fsb-flexible-spacer__device fsb-flexible-spacer__device--md\" style=\"height:85px\"><\/div><div class=\"fsb-flexible-spacer__device fsb-flexible-spacer__device--sm\" style=\"height:85px\"><\/div><\/div>\n\n\n \r\n\r\n<section data-aos-once=\"true\" data-aos=\"fade-up\"  class=\"wp-block-section     alignfull  hide-scroll section-contact  align-center \"\r\n                    \r\n                        style=\"background: rgb(174,151,131)\"\r\n        \r\n        \r\n    >\r\n\r\n                        <div class=\"shape-section shape-section-top\">\r\n                <svg xmlns=\"http:\/\/www.w3.org\/2000\/svg\" xmlns:xlink=\"http:\/\/www.w3.org\/1999\/xlink\" width=\"100%\" height=\"87\" viewBox=\"0 0 1921 87\" preserveAspectRatio=\"none\">\r\n                    <g id=\"Groupe_d\u00e9filant_42\" data-name=\"Groupe d\u00e9filant 42\" transform=\"translate(0 -99)\" style=\"isolation: isolate\">\r\n                        <g id=\"Groupe_d\u00e9filant_43\" data-name=\"Groupe d\u00e9filant 43\" transform=\"translate(0 0)\" style=\"isolation: isolate\">\r\n                        <g id=\"Groupe_933\" data-name=\"Groupe 933\" transform=\"translate(0 0)\">\r\n                            <g id=\"Groupe_737\" data-name=\"Groupe 737\" transform=\"translate(0 0)\">\r\n                            <g id=\"Groupe_736\" data-name=\"Groupe 736\" transform=\"translate(-3953.287 105.034)\">\r\n                                <path style=\"fill:rgb(174,151,131)\"  id=\"Trac\u00e9_472\" data-name=\"Trac\u00e9 472\" d=\"M7.906-402.606c1825.143-1234.975,4696.423-1612.721,7144.4-940.023,1138.806,313,2098.365,826.758,2774.82,1485.924l37.407,36.5L9419.413,461.351l-46.566-46.339C8770.1-185.4,7905.633-652.907,6873.094-936.523,4672.52-1541.17,2104.279-1194.435,481.472-73.732L422.953-33.376l-462.211-337.5Z\" transform=\"translate(39.258 1672.364)\"\/>\r\n                            <\/g>\r\n                            <\/g>\r\n                        <\/g>\r\n                        <\/g>\r\n                    <\/g>\r\n                <\/svg>\r\n            <\/div> \r\n         \r\n         \r\n    \r\n        <div class=\"acf-innerblocks-container\">\n \r\n\r\n<section  class=\"wp-block-section     alignwide    \"\r\n    >\r\n\r\n    \r\n        <div class=\"acf-innerblocks-container\">\n\n<h2 class=\"wp-block-heading has-text-color\" style=\"color:#ffffff\">Contactez-nous<\/h2>\n\n\n\n<div class=\"wp-block-group has-global-padding is-layout-constrained wp-block-group-is-layout-constrained\">\n<p class=\"has-text-color has-link-color wp-elements-b2b07c4145388b265f381cf920bb7f6a\" style=\"color:#ffffff\">L\u2019\u00e9quipe de la division du personnel dirigeant et coordonnant de l\u2019\u00c9ducation nationale est \u00e0 votre disposition pour toute suggestion, demande ou question.<\/p>\n\n\n\n<p class=\"has-text-color has-link-color has-xl-font-size wp-elements-537ba33b4c3f63e2f335f6dfc2d2290e\" style=\"color:#ffffff;font-style:normal;font-weight:400\"><a href=\"mailto:foco@ifen.lu\" class=\"ek-link\"><\/a><a href=\"mailto:soutienperso@ifen.lu\" class=\"ek-link\"><\/a><a href=\"mailto:leadpedagogique@ifen.lu\" class=\"ek-link\">leadpedagogique@ifen.lu<\/a><\/p>\n\n\n\n<p class=\"has-text-color has-link-color wp-elements-1cc20be7e4a237fb7f5a79fa0ead055e\" style=\"color:#ffffff\">Nous \u00e9largissons constamment notre offre de prestations. Si vous avez n\u00e9anmoins des suggestions de contenus ou de th\u00e8mes, n\u2019h\u00e9sitez pas \u00e0 nous en faire part.<\/p>\n<\/div>\n\n\n\n<div aria-hidden=\"true\" class=\"wp-block-fsb-flexible-spacer fsb-flexible-spacer\"><div class=\"fsb-flexible-spacer__device fsb-flexible-spacer__device--lg\" style=\"height:80px\"><\/div><div class=\"fsb-flexible-spacer__device fsb-flexible-spacer__device--md\" style=\"height:80px\"><\/div><div class=\"fsb-flexible-spacer__device fsb-flexible-spacer__device--sm\" style=\"height:80px\"><\/div><\/div>\n\n<\/div>    \r\n<\/section>\n<\/div>    \r\n<\/section>","protected":false},"excerpt":{"rendered":"<p>Contact<\/p>\n","protected":false},"author":1,"featured_media":0,"parent":0,"menu_order":0,"comment_status":"closed","ping_status":"closed","template":"","meta":{"_eb_attr":"","_editorskit_title_hidden":false,"_editorskit_reading_time":0,"_editorskit_is_block_options_detached":false,"_editorskit_block_options_position":"{}","inline_featured_image":false,"footnotes":""},"class_list":["post-4478","page","type-page","status-publish","hentry","etat-valide"],"acf":{"espace_type":""},"_links":{"self":[{"href":"https:\/\/ssl.education.lu\/ifen\/wp-json\/wp\/v2\/pages\/4478","targetHints":{"allow":["GET"]}}],"collection":[{"href":"https:\/\/ssl.education.lu\/ifen\/wp-json\/wp\/v2\/pages"}],"about":[{"href":"https:\/\/ssl.education.lu\/ifen\/wp-json\/wp\/v2\/types\/page"}],"author":[{"embeddable":true,"href":"https:\/\/ssl.education.lu\/ifen\/wp-json\/wp\/v2\/users\/1"}],"replies":[{"embeddable":true,"href":"https:\/\/ssl.education.lu\/ifen\/wp-json\/wp\/v2\/comments?post=4478"}],"version-history":[{"count":34,"href":"https:\/\/ssl.education.lu\/ifen\/wp-json\/wp\/v2\/pages\/4478\/revisions"}],"predecessor-version":[{"id":15340,"href":"https:\/\/ssl.education.lu\/ifen\/wp-json\/wp\/v2\/pages\/4478\/revisions\/15340"}],"wp:attachment":[{"href":"https:\/\/ssl.education.lu\/ifen\/wp-json\/wp\/v2\/media?parent=4478"}],"curies":[{"name":"wp","href":"https:\/\/api.w.org\/{rel}","templated":true}]}}